{"version":"1.0","provider_name":"Nagymami 2","provider_url":"https:\/\/animama.cafeblog.hu","author_name":"animama","author_url":"https:\/\/animama.cafeblog.hu\/author\/animama-2-2\/","title":"J\u00e1t\u00e9kok","html":"<P align=center><SPAN style=\"COLOR: #0000ff; FONT-SIZE: 16px\"><IMG class=blogkep align=center src=\"https:\/\/animama.cafeblog.hu\/files\/AtestvOorek.jpg\"><\/SPAN><\/P>\r\n<P><SPAN style=\"COLOR: #0000ff; FONT-SIZE: 16px\">&nbsp;Az altat\u00f3 dalokat Mesike \u00e9nekli az \u00f6csik\u00e9j\u00e9nek: Tente baba, tente...Csijja, csicsijja, babujja elalszik a kisbaba. Nem felejti el a tanult dalokat, amire s\u00e9ta \u00e9s j\u00e1t\u00e9k k\u00f6zben tan\u00edtottam. \u00dajabbakat is kital\u00e1l, de van amir\u0151l nem tudom, hogy mit jelent, mert a sz\u00f6vege \u00e9s a dallama is ismeretlen. \u0150 rakja \u00f6ssze \u00e9s zen\u00e9s\u00edti meg \u00e9s csod\u00e1lkozik, hogy nem igaz\u00e1n ismerem. Persze nem veszem el a kedv\u00e9t \u00e9s nem k\u00e9rdez\u0151sk\u00f6d\u00f6m t\u00fals\u00e1gosan, mert az \u00e1ltala kital\u00e1ltak m\u00e9g \u00e9rt\u00e9kesebbek, mint amit \u00e9n tan\u00edtottam neki.<\/SPAN><\/P>\r\n<P><SPAN style=\"COLOR: #0000ff; FONT-SIZE: 16px\">\u00cdgy van ez a besz\u00e9ddel is. A r\u00f6vid mondatokat mind \u00e9rtj\u00fck, de egyszercsak j\u00f3 hosszan \"halandzsa nyelven besz\u00e9l\", term\u00e9szetesen folyamatosan \u00e9s el\u0151adva, amib\u0151l semmit nem \u00e9rt\u00fcnk vagy csak itt-ott. Nagyon aranyos ez a folyamatos besz\u00e9dre t\u00f6rekv\u00e9se! K\u00e1r , hogy a zenehallgat\u00e1st abbahagyt\u00e1k, mivel m\u00e1r nem forsz\u00edrozom \u00e9s v\u00e9g\u00fcl is keveset vagyok vel\u00fck. Mindenesetre megmutattam, hogy mit\u0151l fejl\u0151dik egy kisbaba sokoldal\u00faan \u00e9s j\u00f3l. Rajtuk m\u00falik ! Ezt egy kis szomor\u00fas\u00e1ggal mondom, mert nem l\u00e1tom a t\u00f6rekv\u00e9st. Persze sok \u00e9s m\u00e1s dolguk is van . Tudom!<\/SPAN><\/P>\r\n<P><SPAN style=\"COLOR: #0000ff; FONT-SIZE: 16px\">Amikor a legut\u00f3bbi s\u00e9t\u00e1nk alkalm\u00e1val l\u00e1ttunk egy r\u00e9gi haszn\u00e1laton k\u00edv\u00fcli szekeret, amibe mostans\u00e1g vir\u00e1gokat raknak, elmagyar\u00e1ztam \u00e9s mutattam Mesik\u00e9nek, hogy hogyan haszn\u00e1lt\u00e1k, amikor m\u00e9g lovat is fogtak el\u00e9. T\u00f6bbsz\u00f6r elism\u00e9teltette velem \u00e9s vacsorakor hallom \u00e1m, hogy mondja a mes\u00e9t. Mire a sz\u00fcl\u0151k csod\u00e1lkozva, hogy nekik m\u00e9g sohasem siker\u00fclt szek\u00e9rrel \u00e9s l\u00f3val tal\u00e1lkozni itt. J\u00f3t nevettem !<\/SPAN><\/P>\r\n<P><SPAN style=\"COLOR: #0000ff; FONT-SIZE: 16px\">A fiamnak a j\u00e1t\u00e9kai k\u00f6z\u00fcl elviszem a kishint\u00f3t \u00e9s veszek el\u00e9, ha kapok egy gurul\u00f3 lovacsk\u00e1t. \u00dagy eml\u00e9kszem a r\u00e9gi j\u00e1t\u00e9kok boltj\u00e1ban van ilyen kicsi lovacska. Majd j\u00f3 lesz a kishercegnek is, m\u00e1rmint Lacik\u00e1nak, ha m\u00e1r tud vele j\u00e1tszani. A f\u00e9rjem tal\u00e1lta ki a \"kisherceg\" elnevez\u00e9st.<\/SPAN><\/P>","type":"rich"}