{"version":"1.0","provider_name":"Nagymami 2","provider_url":"https:\/\/animama.cafeblog.hu","author_name":"animama","author_url":"https:\/\/animama.cafeblog.hu\/author\/animama-2-2\/","title":"A baj nem j\u00e1r egyed\u00fcl!","html":"<P><SPAN style=\"FONT-FAMILY: Arial; COLOR: #003300; FONT-SIZE: 12px\">&nbsp;\u00dagy volt, hogy a h\u00e9t v\u00e9g\u00e9n lemennek a gyerekek a Balatonra, mivel Lacika betegs\u00e9ge miatt nem tudtak vel\u00fcnk j\u00f6nni. Lacika meggy\u00f3gyult!! K\u00f6sz\u00f6n\u00f6m m\u00e9g egyszer a b\u00edztat\u00f3 szavaitokat! S\u0151t, nagyon j\u00f3kedv\u0171, hancur\u00f3z\u00f3s kedv\u00e9ben tal\u00e1ltam. Aranyosan hajtja a kisaut\u00f3j\u00e1t is: A h\u00e1t\u00e1t kiegyenes\u00edt\u00ed, a l\u00e1b\u00e1val pedig j\u00f3 nagyokat l\u00f6k. Ezt sem er\u0151ltetj\u00fck. T\u00f6bbsz\u00f6r megpr\u00f3b\u00e1lt fel\u00e1llni helyben, kapaszkod\u00e1s n\u00e9lk\u00fcl \u00e9s k\u00f6rben\u00e9zett, hogy mit sz\u00f3lunk. MIndezt \u00f3vatosan! Persze, hogy megtapsoltuk. Nagyon sokszor k\u00e9r enni \u00e9s iszik, iszik. <\/SPAN><\/P>\r\n<P><SPAN style=\"FONT-FAMILY: Arial; COLOR: #003300; FONT-SIZE: 12px\">&nbsp;A baj azonban nem j\u00e1r egyed\u00fcl, mert a balatoni \u00fatb\u00f3l semmi nem lett. Mesike r\u00e1esett a kez\u00e9re az indul\u00e1s el\u0151tti napon. Este rosszul aludt, de nem l\u00e1tszott az elmond\u00e1s alapj\u00e1n semmi rajta. Azt gondolt\u00e1k, hogy csak z\u00faz\u00f3d\u00e1s, de az\u00e9rt elvitt\u00e9k a k\u00f3rh\u00e1zba reggel. Kider\u00fclt, hogy z\u00f6ld \u00e1g t\u00f6r\u00e9se van a csukl\u00f3j\u00e1ban. A cs\u00fazd\u00e1n ment felfel\u00e9, amit mondtam, hogy nem szabad. \u00cdgy cs\u00faszott \u00e9s esett r\u00e1 a kez\u00e9re. Az anyuk\u00e1ja szerint, aki mellette volt alig esett, ennek ellen\u00e9re nagyon s\u00edrt. Begipszelt\u00e9k a kez\u00e9t \u00e9s mondt\u00e1k, hogy ez 3 h\u00e9tig tart, ami azt jelenti, hogy szeptemberben nem mehet oviba. A gyerekekn\u00e9l gyakori ez a \"k\u00e9reg t\u00f6r\u00e9s\". <\/SPAN><\/P>\r\n<P><SPAN style=\"FONT-FAMILY: Arial; COLOR: #003300; FONT-SIZE: 12px\">Nagyon let\u00f6rt\u00fcnk mindny\u00e1jan, mert k\u00e9sz\u00fclt Mesike az \u00fatra. Nem besz\u00e9lve arr\u00f3l, hogy nem igaz\u00e1n \u00e9rti, hogy mi\u00e9rt kell a gipsz r\u00e1 \u00e9s k\u00e9rte, hogy vegy\u00fck ezt le! Nagyon szomor\u00fa az \u00e9n dr\u00e1ga nevet\u0151s kicsi unok\u00e1m.!! Most lett volna egy kis ny\u00e1r<\/SPAN>,!<\/P>","type":"rich"}