{"version":"1.0","provider_name":"Nagymami 2","provider_url":"https:\/\/animama.cafeblog.hu","author_name":"animama","author_url":"https:\/\/animama.cafeblog.hu\/author\/animama-2-2\/","title":"A vir\u00e1gok seg\u00edtenek","html":"<strong><span style=\"color: #003300\">Rossz kedvemben a vir\u00e1gokhoz fordulok. Persze csak akkor seg\u00edtenek, ha sz\u00e9pek \u00e9s \u00e9letreval\u00f3ak, mert a szenved\u0151 k\u00f3kadt n\u00f6v\u00e9nyek nem vid\u00edtanak fel. Ez\u00e9rt d\u00f6nt\u00f6k a cikl\u00e1menek mellett, mert kitartanak mellettem \u00e9s minden \u00e9vben csod\u00e1latos, hosszan tart\u00f3 vir\u00e1gz\u00e1sukkal b\u00e1rmikor r\u00e1juk n\u00e9zhetek, an\u00e9lk\u00fcl, hogy elszomorodn\u00e9k. Kipr\u00f3b\u00e1ltam az orchide\u00e1t is, de ha elvesztik vir\u00e1gaikat, akkor v\u00e1rhatom, m\u00edg \u00fajb\u00f3l megjelennek . <\/span><\/strong>\r\n\r\n<strong><span style=\"color: #003300\">Az utcai kertet is rendbe tettem v\u00e9gre \u00e9s most m\u00e1r csak a kasp\u00f3k vannak h\u00e1tra, amikbe \u00e1rv\u00e1csk\u00e1t teszek \u00e9s magokat, amiket \u0151sszel leszedtem. Pr\u00f3b\u00e1lok kicsit v\u00e1ltoztatni, de a j\u00f3l bev\u00e1lt n\u00f6v\u00e9nyeket nem \u00e9rdemes elhagynom, mert m\u00e1r tudom, hogy mi marad itt n\u00e1lunk meg \u00e9s melyik az, amelyik biztosan nem b\u00edrja majd a sz\u00e1razs\u00e1got. \u00cdgy j\u00e1rtunk n\u00e9h\u00e1ny cserj\u00e9vel is. Ez\u00e9rt elvetettem a b\u00e1rsony vir\u00e1g magvait \u00e9s az estik\u00e9t. \u0150k azok akik szeretnek\u00a0 minket. Egyszer\u0171ek, de csoportban nagyon sz\u00e9pek.! Annyit v\u00e1ltoztatok, hogy m\u00e1s-m\u00e1s alakzatban vetem el. Az ablakokban musk\u00e1tli \u00e9s pet\u00fania vir\u00e1gzik a legszebben. A legnagyobb melegben viszont \u00e1rny\u00e9kba kell \u0151ket vinni, csak \u00edgy maradnak meg!<a href=\"https:\/\/animama.cafeblog.hu\/files\/2012\/03\/cikl%C3%A1menek2012..jpg\"><img class=\"size-medium wp-image-295 aligncenter\" src=\"https:\/\/animama.cafeblog.hu\/files\/2012\/03\/cikl%C3%A1menek2012.-300x200.jpg\" alt=\"\" width=\"300\" height=\"200\" \/><\/a><\/span><\/strong>\r\n<strong><\/strong>\r\n\r\n&nbsp;","type":"rich"}