{"version":"1.0","provider_name":"Nagymami 2","provider_url":"https:\/\/animama.cafeblog.hu","author_name":"animama","author_url":"https:\/\/animama.cafeblog.hu\/author\/animama-2-2\/","title":"Orgona \u00e1ga, barackfa vir\u00e1ga","html":"<strong><span style=\"color: #800000\"><a href=\"https:\/\/animama.cafeblog.hu\/files\/2012\/04\/orgona%C3%A1g1.jpg\"><img class=\"alignleft size-full wp-image-368\" src=\"https:\/\/animama.cafeblog.hu\/files\/2012\/04\/orgona%C3%A1g1.jpg\" alt=\"\" width=\"282\" height=\"188\" \/><\/a>A leveg\u0151 tele az orgonavir\u00e1g\u00a0 illat\u00e1val. A f\u00f6ld pedig a cseresznyevir\u00e1g szirmaival. H\u00f3feh\u00e9r a kiskertem \u00e9s a terasz is. A nyitott ajt\u00f3n \u00e1t a konyh\u00e1ba is jut mindenb\u0151l. Az udvar h\u00e1ts\u00f3 szeglet\u00e9ben pedig a sz\u00e9l feh\u00e9r g\u00f6mb\u00f6ket hemperget, ami a ny\u00e1rf\u00e1hoz tartozott. Szerencs\u00e9re messzebb t\u0151l\u00fcnk van a fa, de az\u00e9rt jut bel\u0151le nek\u00fcnk is. Az orgona vir\u00e1g\u00e1t viszont nagyon szeretem. Gyerekkoromban is sok bokor vett k\u00f6r\u00fcl benn\u00fcnket. Volt egy f\u00e1nk is, de azt m\u00e1jus \u00e9jszak\u00e1j\u00e1n t\u00f6vest\u00fcl kiv\u00e1gta valaki \u00e9s elvitte az udvarr\u00f3l, mivel nem volt soha bez\u00e1rt kapunk. Akkoriban csak ezt lopt\u00e1k. Igaz m\u00e1s \u00e9rt\u00e9k nem is volt! Nekem akkoriban ez nagy csal\u00f3d\u00e1s volt, hogy ilyen megt\u00f6rt\u00e9nhet. Egy kisgyerek eml\u00e9kei k\u00f6z\u00f6tt ez is egy hat\u00e1rvonal. Tapasztalat a vil\u00e1gr\u00f3l.<\/span><\/strong>\r\n\r\n<strong><span style=\"color: #800000\">\u00dajabban Mesike is t\u00f6bbet k\u00e9rdez\u0151sk\u00f6dik arr\u00f3l, hogy milyenek a gonoszok. A Noddy filmekb\u0151l ismerkedett vel\u00fck meg, akik valamif\u00e9le rosszat tettek a t\u00f6bbiek ellen. Persze ebben a mes\u00e9ben m\u00e9g apr\u00f3 csalafintas\u00e1gok szerepelnek, ami\u00e9rt meg is kapj\u00e1k a b\u00fcntet\u00e9s\u00fcket a k\u00f6z\u00f6ss\u00e9g tagjait\u00f3l. Nagyon neh\u00e9z besz\u00e9lni egy kicsinek \u00e9s ezen a DVD-\u00e9n igaz\u00e1n nekik val\u00f3 magyar\u00e1zatot is kapnak. \u00c9n els\u0151sorban \u00f3vatoss\u00e1gra \u00e9s k\u00f6r\u00fcltekint\u00e9sre tudom tan\u00edtani. De a mes\u00e9imben, amit mindig \u00e9n tal\u00e1lok ki olyan kis tanuls\u00e1gokat is besz\u00f6v\u00f6k, ami magyar\u00e1zatot adhat k\u00e9rd\u00e9seire.\r\n<\/span><\/strong>\r\n\r\n&nbsp;","type":"rich"}